{"id":81007,"date":"2023-06-10T13:37:40","date_gmt":"2023-06-10T12:37:40","guid":{"rendered":"https:\/\/www.kf-bruchsal.de\/?post_type=ctc_event&#038;p=81007"},"modified":"2023-11-21T20:53:52","modified_gmt":"2023-11-21T19:53:52","slug":"maennermeeting","status":"publish","type":"ctc_event","link":"https:\/\/www.kf-bruchsal.de\/index.php\/events\/maennermeeting\/","title":{"rendered":"M\u00e4nnermeeting"},"content":{"rendered":"<p style=\"text-align: center;\">Hello M\u00e4nners!<br \/>\nWir wollen uns wieder in der KfB treffen und weiter unsere K\u00f6pfe zusammen stecken, beten, und reden was Gott durch und mit uns in der KfB tun m\u00f6chte. Wir freuen uns,wenn du dabei bist!<\/p>\n<p style=\"text-align: center;\">Liebe Gr\u00fc\u00dfe euer M\u00e4nnerteam<br \/>\nRobert, Charly und Sven<\/p>\n<p style=\"text-align: center;\"><img loading=\"lazy\" decoding=\"async\" class=\"alignnone wp-image-81609 size-full\" src=\"https:\/\/www.kf-bruchsal.de\/wp-content\/uploads\/2023\/11\/KfB_team_Maenner-1024x683-1.jpg\" alt=\"\" width=\"1024\" height=\"683\" srcset=\"https:\/\/www.kf-bruchsal.de\/wp-content\/uploads\/2023\/11\/KfB_team_Maenner-1024x683-1.jpg 1024w, https:\/\/www.kf-bruchsal.de\/wp-content\/uploads\/2023\/11\/KfB_team_Maenner-1024x683-1-300x200.jpg 300w, https:\/\/www.kf-bruchsal.de\/wp-content\/uploads\/2023\/11\/KfB_team_Maenner-1024x683-1-768x512.jpg 768w, https:\/\/www.kf-bruchsal.de\/wp-content\/uploads\/2023\/11\/KfB_team_Maenner-1024x683-1-480x320.jpg 480w, https:\/\/www.kf-bruchsal.de\/wp-content\/uploads\/2023\/11\/KfB_team_Maenner-1024x683-1-240x160.jpg 240w\" sizes=\"auto, (max-width: 1024px) 100vw, 1024px\" \/><\/p>\n<p>&nbsp;<\/p>\n<pre>&nbsp;<\/pre>\n","protected":false},"excerpt":{"rendered":"<p>Hello M\u00e4nners! Wir wollen uns wieder in der KfB treffen und weiter unsere K\u00f6pfe zusammen stecken, beten, und reden was Gott durch und mit uns in der KfB tun m\u00f6chte. Wir freuen uns,wenn du dabei bist! Liebe Gr\u00fc\u00dfe euer M\u00e4nnerteam Robert, Charly und Sven &nbsp; &nbsp;<\/p>\n","protected":false},"author":24784,"featured_media":81611,"comment_status":"closed","ping_status":"closed","template":"","meta":{"ngg_post_thumbnail":0,"footnotes":""},"ctc_event_category":[],"class_list":["post-81007","ctc_event","type-ctc_event","status-publish","has-post-thumbnail","hentry","ctfw-has-image"],"_links":{"self":[{"href":"https:\/\/www.kf-bruchsal.de\/index.php\/wp-json\/wp\/v2\/ctc_event\/81007","targetHints":{"allow":["GET"]}}],"collection":[{"href":"https:\/\/www.kf-bruchsal.de\/index.php\/wp-json\/wp\/v2\/ctc_event"}],"about":[{"href":"https:\/\/www.kf-bruchsal.de\/index.php\/wp-json\/wp\/v2\/types\/ctc_event"}],"author":[{"embeddable":true,"href":"https:\/\/www.kf-bruchsal.de\/index.php\/wp-json\/wp\/v2\/users\/24784"}],"replies":[{"embeddable":true,"href":"https:\/\/www.kf-bruchsal.de\/index.php\/wp-json\/wp\/v2\/comments?post=81007"}],"version-history":[{"count":11,"href":"https:\/\/www.kf-bruchsal.de\/index.php\/wp-json\/wp\/v2\/ctc_event\/81007\/revisions"}],"predecessor-version":[{"id":81646,"href":"https:\/\/www.kf-bruchsal.de\/index.php\/wp-json\/wp\/v2\/ctc_event\/81007\/revisions\/81646"}],"wp:featuredmedia":[{"embeddable":true,"href":"https:\/\/www.kf-bruchsal.de\/index.php\/wp-json\/wp\/v2\/media\/81611"}],"wp:attachment":[{"href":"https:\/\/www.kf-bruchsal.de\/index.php\/wp-json\/wp\/v2\/media?parent=81007"}],"wp:term":[{"taxonomy":"ctc_event_category","embeddable":true,"href":"https:\/\/www.kf-bruchsal.de\/index.php\/wp-json\/wp\/v2\/ctc_event_category?post=81007"}],"curies":[{"name":"wp","href":"https:\/\/api.w.org\/{rel}","templated":true}]}}