{"id":4249,"date":"2018-09-26T11:45:32","date_gmt":"2018-09-26T10:45:32","guid":{"rendered":"http:\/\/www.kf-bruchsal.de\/?page_id=4249"},"modified":"2025-11-23T23:33:05","modified_gmt":"2025-11-23T22:33:05","slug":"seminare","status":"publish","type":"page","link":"https:\/\/www.kf-bruchsal.de\/index.php\/seminare\/","title":{"rendered":"Seminare"},"content":{"rendered":"<blockquote><p><em>Gib die Botschaft, die du von mir geh\u00f6rt hast und deren Wahrheit dir von vielen Zeugen best\u00e4tigt wurde, an vertrauensw\u00fcrdige und zuverl\u00e4ssige Menschen weiter, die ebenfalls f\u00e4hig sind, andere zu lehren.<\/em> (2. Timotheus 2,2)<\/p><\/blockquote>\n<p>Wir wollen Leiter und Mitarbeiter f\u00fcr die unterschiedlichsten Leitungsaufgaben ausbilden und f\u00f6rdern.<\/p>\n<ul style=\"margin-left: .375in; direction: ltr; unicode-bidi: embed; margin-top: 0in; margin-bottom: 0in;\" type=\"disc\">\n<li style=\"margin-top: 0; margin-bottom: 0; vertical-align: middle;\"><a href=\"https:\/\/www.kf-bruchsal.de\/index.php\/seminare-2024\/\">Bibelseminar<\/a> (B\u00fccher im AT und NT, Theologie)<\/li>\n<li style=\"margin-top: 0; margin-bottom: 0; vertical-align: middle;\"><a href=\"https:\/\/www.kf-bruchsal.de\/index.php\/dienstbereiche-2\/\">Teil des Ganzen werden<\/a> (Pers\u00f6nlichkeitsstil, Gaben &amp; F\u00e4higkeiten)<\/li>\n<li style=\"margin-top: 0; margin-bottom: 0; vertical-align: middle;\"><a href=\"https:\/\/www.kf-bruchsal.de\/index.php\/kompass-seminar\">Kompass-Seminar<\/a> (Gemeindemitgliedschaft)<\/li>\n<\/ul>\n<p><img loading=\"lazy\" decoding=\"async\" class=\"alignnone wp-image-81582 size-thumbnail\" src=\"https:\/\/www.kf-bruchsal.de\/wp-content\/uploads\/2023\/11\/5D1A1140-150x150.jpg\" alt=\"\" width=\"150\" height=\"150\" srcset=\"https:\/\/www.kf-bruchsal.de\/wp-content\/uploads\/2023\/11\/5D1A1140-150x150.jpg 150w, https:\/\/www.kf-bruchsal.de\/wp-content\/uploads\/2023\/11\/5D1A1140-300x300.jpg 300w, https:\/\/www.kf-bruchsal.de\/wp-content\/uploads\/2023\/11\/5D1A1140-1024x1024.jpg 1024w, https:\/\/www.kf-bruchsal.de\/wp-content\/uploads\/2023\/11\/5D1A1140-768x768.jpg 768w, https:\/\/www.kf-bruchsal.de\/wp-content\/uploads\/2023\/11\/5D1A1140-1536x1536.jpg 1536w, https:\/\/www.kf-bruchsal.de\/wp-content\/uploads\/2023\/11\/5D1A1140-2048x2048.jpg 2048w, https:\/\/www.kf-bruchsal.de\/wp-content\/uploads\/2023\/11\/5D1A1140-240x240.jpg 240w\" sizes=\"auto, (max-width: 150px) 100vw, 150px\" \/><br \/>\nDu hast eine Frage? Mail an: <a href=\"mailto:seminare@kf-bruchsal.de\">seminare@kf-bruchsal.de<\/a><\/p>\n<p>&nbsp;<\/p>\n","protected":false},"excerpt":{"rendered":"<p>Gib die Botschaft, die du von mir geh\u00f6rt hast und deren Wahrheit dir von vielen Zeugen best\u00e4tigt wurde, an vertrauensw\u00fcrdige und zuverl\u00e4ssige Menschen weiter, die ebenfalls f\u00e4hig sind, andere zu lehren. (2. Timotheus 2,2) Wir wollen Leiter und Mitarbeiter f\u00fcr die unterschiedlichsten Leitungsaufgaben ausbilden und f\u00f6rdern. Bibelseminar (B\u00fccher im AT und NT, Theologie) Teil des Ganzen werden (Pers\u00f6nlichkeitsstil, Gaben &amp; F\u00e4higkeiten) Kompass-Seminar (Gemeindemitgliedschaft) Du hast eine Frage? Mail an: seminare@kf-bruchsal.de &nbsp;<\/p>\n","protected":false},"author":2,"featured_media":84670,"parent":0,"menu_order":0,"comment_status":"closed","ping_status":"closed","template":"","meta":{"ngg_post_thumbnail":0,"footnotes":""},"class_list":["post-4249","page","type-page","status-publish","has-post-thumbnail","hentry","ctfw-has-image"],"_links":{"self":[{"href":"https:\/\/www.kf-bruchsal.de\/index.php\/wp-json\/wp\/v2\/pages\/4249","targetHints":{"allow":["GET"]}}],"collection":[{"href":"https:\/\/www.kf-bruchsal.de\/index.php\/wp-json\/wp\/v2\/pages"}],"about":[{"href":"https:\/\/www.kf-bruchsal.de\/index.php\/wp-json\/wp\/v2\/types\/page"}],"author":[{"embeddable":true,"href":"https:\/\/www.kf-bruchsal.de\/index.php\/wp-json\/wp\/v2\/users\/2"}],"replies":[{"embeddable":true,"href":"https:\/\/www.kf-bruchsal.de\/index.php\/wp-json\/wp\/v2\/comments?post=4249"}],"version-history":[{"count":24,"href":"https:\/\/www.kf-bruchsal.de\/index.php\/wp-json\/wp\/v2\/pages\/4249\/revisions"}],"predecessor-version":[{"id":81363,"href":"https:\/\/www.kf-bruchsal.de\/index.php\/wp-json\/wp\/v2\/pages\/4249\/revisions\/81363"}],"wp:featuredmedia":[{"embeddable":true,"href":"https:\/\/www.kf-bruchsal.de\/index.php\/wp-json\/wp\/v2\/media\/84670"}],"wp:attachment":[{"href":"https:\/\/www.kf-bruchsal.de\/index.php\/wp-json\/wp\/v2\/media?parent=4249"}],"curies":[{"name":"wp","href":"https:\/\/api.w.org\/{rel}","templated":true}]}}